{"id":652,"date":"2024-04-11T08:03:34","date_gmt":"2024-04-11T08:03:34","guid":{"rendered":"https:\/\/www.customspliance.eu\/member\/raphael-van-de-sande\/"},"modified":"2025-04-14T14:16:00","modified_gmt":"2025-04-14T14:16:00","slug":"raphael-van-de-sande","status":"publish","type":"member","link":"https:\/\/www.customspliance.eu\/fr\/member\/raphael-van-de-sande\/","title":{"rendered":"Raphael Van De Sande"},"content":{"rendered":"\n<p><span style=\"text-decoration: underline;\">Descriptf<\/span><\/p>\n\n<ul class=\"wp-block-list\">\n<li>Expert douane \/ consultant \/ formateur au sein des soci\u00e9t\u00e9s CUSTOMS CONFORM IT srl<\/li>\n\n\n\n<li>Ma\u00eetre de conf\u00e9rence HEC dans le cadre du master de sp\u00e9cialisation en droit fiscal et des Fondamentaux de la l\u00e9gislation sur les douanes et accises<\/li>\n\n\n\n<li>Membre du Comit\u00e9 de pilotage de la \u00ab Customs &amp; Trade Law Academy \u00bb, qui coordonne les initiatives de formation et d\u2019expertise au sein de HEC et de ULi\u00e8ge, en partenariat avec Uantwerpen<\/li>\n\n\n\n<li>Administrateur de Customspliance aisbl<\/li>\n\n\n\n<li>Ancien fonctionnaire \u00e0 l\u2019AGDA (marketing, audit AEO, Gestion de la d\u00e9claration, contr\u00f4les, proc\u00e9dures douani\u00e8res)<\/li>\n<\/ul>\n\n<p><span style=\"text-decoration: underline;\">R\u00f4le dans Customspliance<\/span><\/p>\n\n<p><span style=\"text-decoration: underline;\"><br\/><\/span>En tant qu\u2019ancien fonctionnaire de l\u2019AGDA et responsable de repr\u00e9senter le secteur priv\u00e9 au sein des Forums r\u00e9gionaux douane de la Direction de Li\u00e8ge \u2013 Luxembourg pour le compte de la Customs&amp;Trade Law Academy (ULi\u00e8ge), Son r\u00f4le est de faciliter les \u00e9changes entre les membres de Customspliance et les autorit\u00e9s douani\u00e8res r\u00e9gionales et nationales.<br\/>Son expertise op\u00e9rationnelle et de formation en mati\u00e8re de syst\u00e8mes douaniers, de d\u00e9clarations en douane et de proc\u00e9dures douani\u00e8res est mise \u00e0 disposition des membres de Customspliance par le biais de r\u00e9unions r\u00e9guli\u00e8res et de l&rsquo;organisation de formations ponctuelles.<br\/><br\/> <br\/> <br\/> Celles-ci sont planifi\u00e9es et communiqu\u00e9es aux membres, qui peuvent y assister gratuitement.<br\/>Enfin, en tant que membre du conseil d&rsquo;administration de Customspliance, Raphael VAN DE SANDE participe aux r\u00e9unions strat\u00e9giques et aux r\u00e9unions du comit\u00e9 de pilotage, dont les objectifs sont de repr\u00e9senter les int\u00e9r\u00eats des entreprises aupr\u00e8s des diff\u00e9rentes autorit\u00e9s et institutions impliqu\u00e9es dans les activit\u00e9s douani\u00e8res, et d&rsquo;informer les membres des derniers d\u00e9veloppements et d\u00e9cisions\/propositions \u00e9manant de ces autorit\u00e9s, afin qu&rsquo;ils puissent se pr\u00e9parer au mieux. Dans certains cas, des groupes de travail internes sont initi\u00e9s en vue de pr\u00e9parer une position commune ou de favoriser les \u00e9changes entre les membres.<\/p>\n","protected":false},"featured_media":650,"menu_order":2,"template":"","class_list":["post-652","member","type-member","status-publish","has-post-thumbnail","hentry"],"acf":[],"yoast_head":"<!-- This site is optimized with the Yoast SEO plugin v27.5 - https:\/\/yoast.com\/product\/yoast-seo-wordpress\/ -->\n<title>Raphael Van De Sande - customspliance<\/title>\n<meta name=\"robots\" content=\"index, follow, max-snippet:-1, max-image-preview:large, max-video-preview:-1\" \/>\n<link rel=\"canonical\" href=\"https:\/\/www.customspliance.eu\/fr\/member\/raphael-van-de-sande\/\" \/>\n<meta property=\"og:locale\" content=\"fr_FR\" \/>\n<meta property=\"og:type\" content=\"article\" \/>\n<meta property=\"og:title\" content=\"Raphael Van De Sande - customspliance\" \/>\n<meta property=\"og:description\" content=\"Descriptf R\u00f4le dans Customspliance En tant qu\u2019ancien fonctionnaire de l\u2019AGDA et responsable de repr\u00e9senter le secteur priv\u00e9 au sein des Forums r\u00e9gionaux douane de la Direction de Li\u00e8ge \u2013 Luxembourg pour le compte de la Customs&amp;Trade Law Academy (ULi\u00e8ge), Son r\u00f4le est de faciliter les \u00e9changes entre les membres de Customspliance et les autorit\u00e9s douani\u00e8res [&hellip;]\" \/>\n<meta property=\"og:url\" content=\"https:\/\/www.customspliance.eu\/fr\/member\/raphael-van-de-sande\/\" \/>\n<meta property=\"og:site_name\" content=\"customspliance\" \/>\n<meta property=\"article:modified_time\" content=\"2025-04-14T14:16:00+00:00\" \/>\n<meta property=\"og:image\" content=\"https:\/\/www.customspliance.eu\/wp-content\/uploads\/2024\/04\/ea8a1616-1963-4737-8817-7af7907790c7.jpeg\" \/>\n\t<meta property=\"og:image:width\" content=\"1368\" \/>\n\t<meta property=\"og:image:height\" content=\"1824\" \/>\n\t<meta property=\"og:image:type\" content=\"image\/jpeg\" \/>\n<meta name=\"twitter:card\" content=\"summary_large_image\" \/>\n<meta name=\"twitter:label1\" content=\"Dur\u00e9e de lecture estim\u00e9e\" \/>\n\t<meta name=\"twitter:data1\" content=\"2 minutes\" \/>\n<script type=\"application\/ld+json\" class=\"yoast-schema-graph\">{\"@context\":\"https:\\\/\\\/schema.org\",\"@graph\":[{\"@type\":\"WebPage\",\"@id\":\"https:\\\/\\\/www.customspliance.eu\\\/fr\\\/member\\\/raphael-van-de-sande\\\/\",\"url\":\"https:\\\/\\\/www.customspliance.eu\\\/fr\\\/member\\\/raphael-van-de-sande\\\/\",\"name\":\"Raphael Van De Sande - customspliance\",\"isPartOf\":{\"@id\":\"https:\\\/\\\/www.customspliance.eu\\\/fr\\\/#website\"},\"primaryImageOfPage\":{\"@id\":\"https:\\\/\\\/www.customspliance.eu\\\/fr\\\/member\\\/raphael-van-de-sande\\\/#primaryimage\"},\"image\":{\"@id\":\"https:\\\/\\\/www.customspliance.eu\\\/fr\\\/member\\\/raphael-van-de-sande\\\/#primaryimage\"},\"thumbnailUrl\":\"https:\\\/\\\/www.customspliance.eu\\\/wp-content\\\/uploads\\\/2024\\\/04\\\/ea8a1616-1963-4737-8817-7af7907790c7.jpeg\",\"datePublished\":\"2024-04-11T08:03:34+00:00\",\"dateModified\":\"2025-04-14T14:16:00+00:00\",\"breadcrumb\":{\"@id\":\"https:\\\/\\\/www.customspliance.eu\\\/fr\\\/member\\\/raphael-van-de-sande\\\/#breadcrumb\"},\"inLanguage\":\"fr-FR\",\"potentialAction\":[{\"@type\":\"ReadAction\",\"target\":[\"https:\\\/\\\/www.customspliance.eu\\\/fr\\\/member\\\/raphael-van-de-sande\\\/\"]}]},{\"@type\":\"ImageObject\",\"inLanguage\":\"fr-FR\",\"@id\":\"https:\\\/\\\/www.customspliance.eu\\\/fr\\\/member\\\/raphael-van-de-sande\\\/#primaryimage\",\"url\":\"https:\\\/\\\/www.customspliance.eu\\\/wp-content\\\/uploads\\\/2024\\\/04\\\/ea8a1616-1963-4737-8817-7af7907790c7.jpeg\",\"contentUrl\":\"https:\\\/\\\/www.customspliance.eu\\\/wp-content\\\/uploads\\\/2024\\\/04\\\/ea8a1616-1963-4737-8817-7af7907790c7.jpeg\",\"width\":1368,\"height\":1824},{\"@type\":\"BreadcrumbList\",\"@id\":\"https:\\\/\\\/www.customspliance.eu\\\/fr\\\/member\\\/raphael-van-de-sande\\\/#breadcrumb\",\"itemListElement\":[{\"@type\":\"ListItem\",\"position\":1,\"name\":\"Home\",\"item\":\"https:\\\/\\\/www.customspliance.eu\\\/fr\\\/a-propros\\\/\"},{\"@type\":\"ListItem\",\"position\":2,\"name\":\"Members\",\"item\":\"https:\\\/\\\/www.customspliance.eu\\\/fr\\\/members\\\/\"},{\"@type\":\"ListItem\",\"position\":3,\"name\":\"Raphael Van De Sande\"}]},{\"@type\":\"WebSite\",\"@id\":\"https:\\\/\\\/www.customspliance.eu\\\/fr\\\/#website\",\"url\":\"https:\\\/\\\/www.customspliance.eu\\\/fr\\\/\",\"name\":\"customspliance\",\"description\":\"The community of responsible customs practitioners and traders\",\"publisher\":{\"@id\":\"https:\\\/\\\/www.customspliance.eu\\\/fr\\\/#organization\"},\"potentialAction\":[{\"@type\":\"SearchAction\",\"target\":{\"@type\":\"EntryPoint\",\"urlTemplate\":\"https:\\\/\\\/www.customspliance.eu\\\/fr\\\/?s={search_term_string}\"},\"query-input\":{\"@type\":\"PropertyValueSpecification\",\"valueRequired\":true,\"valueName\":\"search_term_string\"}}],\"inLanguage\":\"fr-FR\"},{\"@type\":\"Organization\",\"@id\":\"https:\\\/\\\/www.customspliance.eu\\\/fr\\\/#organization\",\"name\":\"customspliance\",\"url\":\"https:\\\/\\\/www.customspliance.eu\\\/fr\\\/\",\"logo\":{\"@type\":\"ImageObject\",\"inLanguage\":\"fr-FR\",\"@id\":\"https:\\\/\\\/www.customspliance.eu\\\/fr\\\/#\\\/schema\\\/logo\\\/image\\\/\",\"url\":\"https:\\\/\\\/www.customspliance.eu\\\/wp-content\\\/uploads\\\/2022\\\/04\\\/cropped-logo_customspliance-1.png\",\"contentUrl\":\"https:\\\/\\\/www.customspliance.eu\\\/wp-content\\\/uploads\\\/2022\\\/04\\\/cropped-logo_customspliance-1.png\",\"width\":525,\"height\":63,\"caption\":\"customspliance\"},\"image\":{\"@id\":\"https:\\\/\\\/www.customspliance.eu\\\/fr\\\/#\\\/schema\\\/logo\\\/image\\\/\"}}]}<\/script>\n<!-- \/ Yoast SEO plugin. -->","yoast_head_json":{"title":"Raphael Van De Sande - customspliance","robots":{"index":"index","follow":"follow","max-snippet":"max-snippet:-1","max-image-preview":"max-image-preview:large","max-video-preview":"max-video-preview:-1"},"canonical":"https:\/\/www.customspliance.eu\/fr\/member\/raphael-van-de-sande\/","og_locale":"fr_FR","og_type":"article","og_title":"Raphael Van De Sande - customspliance","og_description":"Descriptf R\u00f4le dans Customspliance En tant qu\u2019ancien fonctionnaire de l\u2019AGDA et responsable de repr\u00e9senter le secteur priv\u00e9 au sein des Forums r\u00e9gionaux douane de la Direction de Li\u00e8ge \u2013 Luxembourg pour le compte de la Customs&amp;Trade Law Academy (ULi\u00e8ge), Son r\u00f4le est de faciliter les \u00e9changes entre les membres de Customspliance et les autorit\u00e9s douani\u00e8res [&hellip;]","og_url":"https:\/\/www.customspliance.eu\/fr\/member\/raphael-van-de-sande\/","og_site_name":"customspliance","article_modified_time":"2025-04-14T14:16:00+00:00","og_image":[{"width":1368,"height":1824,"url":"https:\/\/www.customspliance.eu\/wp-content\/uploads\/2024\/04\/ea8a1616-1963-4737-8817-7af7907790c7.jpeg","type":"image\/jpeg"}],"twitter_card":"summary_large_image","twitter_misc":{"Dur\u00e9e de lecture estim\u00e9e":"2 minutes"},"schema":{"@context":"https:\/\/schema.org","@graph":[{"@type":"WebPage","@id":"https:\/\/www.customspliance.eu\/fr\/member\/raphael-van-de-sande\/","url":"https:\/\/www.customspliance.eu\/fr\/member\/raphael-van-de-sande\/","name":"Raphael Van De Sande - customspliance","isPartOf":{"@id":"https:\/\/www.customspliance.eu\/fr\/#website"},"primaryImageOfPage":{"@id":"https:\/\/www.customspliance.eu\/fr\/member\/raphael-van-de-sande\/#primaryimage"},"image":{"@id":"https:\/\/www.customspliance.eu\/fr\/member\/raphael-van-de-sande\/#primaryimage"},"thumbnailUrl":"https:\/\/www.customspliance.eu\/wp-content\/uploads\/2024\/04\/ea8a1616-1963-4737-8817-7af7907790c7.jpeg","datePublished":"2024-04-11T08:03:34+00:00","dateModified":"2025-04-14T14:16:00+00:00","breadcrumb":{"@id":"https:\/\/www.customspliance.eu\/fr\/member\/raphael-van-de-sande\/#breadcrumb"},"inLanguage":"fr-FR","potentialAction":[{"@type":"ReadAction","target":["https:\/\/www.customspliance.eu\/fr\/member\/raphael-van-de-sande\/"]}]},{"@type":"ImageObject","inLanguage":"fr-FR","@id":"https:\/\/www.customspliance.eu\/fr\/member\/raphael-van-de-sande\/#primaryimage","url":"https:\/\/www.customspliance.eu\/wp-content\/uploads\/2024\/04\/ea8a1616-1963-4737-8817-7af7907790c7.jpeg","contentUrl":"https:\/\/www.customspliance.eu\/wp-content\/uploads\/2024\/04\/ea8a1616-1963-4737-8817-7af7907790c7.jpeg","width":1368,"height":1824},{"@type":"BreadcrumbList","@id":"https:\/\/www.customspliance.eu\/fr\/member\/raphael-van-de-sande\/#breadcrumb","itemListElement":[{"@type":"ListItem","position":1,"name":"Home","item":"https:\/\/www.customspliance.eu\/fr\/a-propros\/"},{"@type":"ListItem","position":2,"name":"Members","item":"https:\/\/www.customspliance.eu\/fr\/members\/"},{"@type":"ListItem","position":3,"name":"Raphael Van De Sande"}]},{"@type":"WebSite","@id":"https:\/\/www.customspliance.eu\/fr\/#website","url":"https:\/\/www.customspliance.eu\/fr\/","name":"customspliance","description":"The community of responsible customs practitioners and traders","publisher":{"@id":"https:\/\/www.customspliance.eu\/fr\/#organization"},"potentialAction":[{"@type":"SearchAction","target":{"@type":"EntryPoint","urlTemplate":"https:\/\/www.customspliance.eu\/fr\/?s={search_term_string}"},"query-input":{"@type":"PropertyValueSpecification","valueRequired":true,"valueName":"search_term_string"}}],"inLanguage":"fr-FR"},{"@type":"Organization","@id":"https:\/\/www.customspliance.eu\/fr\/#organization","name":"customspliance","url":"https:\/\/www.customspliance.eu\/fr\/","logo":{"@type":"ImageObject","inLanguage":"fr-FR","@id":"https:\/\/www.customspliance.eu\/fr\/#\/schema\/logo\/image\/","url":"https:\/\/www.customspliance.eu\/wp-content\/uploads\/2022\/04\/cropped-logo_customspliance-1.png","contentUrl":"https:\/\/www.customspliance.eu\/wp-content\/uploads\/2022\/04\/cropped-logo_customspliance-1.png","width":525,"height":63,"caption":"customspliance"},"image":{"@id":"https:\/\/www.customspliance.eu\/fr\/#\/schema\/logo\/image\/"}}]}},"_links":{"self":[{"href":"https:\/\/www.customspliance.eu\/fr\/wp-json\/wp\/v2\/member\/652","targetHints":{"allow":["GET"]}}],"collection":[{"href":"https:\/\/www.customspliance.eu\/fr\/wp-json\/wp\/v2\/member"}],"about":[{"href":"https:\/\/www.customspliance.eu\/fr\/wp-json\/wp\/v2\/types\/member"}],"wp:featuredmedia":[{"embeddable":true,"href":"https:\/\/www.customspliance.eu\/fr\/wp-json\/wp\/v2\/media\/650"}],"wp:attachment":[{"href":"https:\/\/www.customspliance.eu\/fr\/wp-json\/wp\/v2\/media?parent=652"}],"curies":[{"name":"wp","href":"https:\/\/api.w.org\/{rel}","templated":true}]}}